{"id":586,"date":"2022-05-23T13:15:05","date_gmt":"2022-05-23T13:15:05","guid":{"rendered":"https:\/\/www.avigel.de\/?page_id=586"},"modified":"2025-07-10T20:39:36","modified_gmt":"2025-07-10T20:39:36","slug":"referenten-2-0","status":"publish","type":"page","link":"https:\/\/www.avigel.de\/?page_id=586","title":{"rendered":"Referenten 2.0"},"content":{"rendered":"\t\t<div data-elementor-type=\"wp-page\" data-elementor-id=\"586\" class=\"elementor elementor-586\" data-elementor-post-type=\"page\">\n\t\t\t\t\t\t<section class=\"elementor-section elementor-top-section elementor-element elementor-element-5bc9998 elementor-hidden-desktop elementor-hidden-tablet elementor-hidden-mobile elementor-section-boxed elementor-section-height-default elementor-section-height-default\" data-id=\"5bc9998\" data-element_type=\"section\">\n\t\t\t\t\t\t<div class=\"elementor-container elementor-column-gap-default\">\n\t\t\t\t\t<div class=\"elementor-column elementor-col-33 elementor-top-column elementor-element elementor-element-bcd9247\" data-id=\"bcd9247\" data-element_type=\"column\">\n\t\t\t<div class=\"elementor-widget-wrap elementor-element-populated\">\n\t\t\t\t\t\t<div class=\"elementor-element elementor-element-e5f096a elementor-widget elementor-widget-premium-carousel-widget\" data-id=\"e5f096a\" data-element_type=\"widget\" data-widget_type=\"premium-carousel-widget.default\">\n\t\t\t\t<div class=\"elementor-widget-container\">\n\t\t\t\t\t\r\n\t\t<div id=\"premium-carousel-wrapper-e5f096a\" class=\"premium-carousel-wrapper premium-carousel-hidden carousel-wrapper-e5f096a  premium-carousel-dots-below\" data-settings=\"{&quot;vertical&quot;:false,&quot;slidesToScroll&quot;:1,&quot;slidesToShow&quot;:1,&quot;infinite&quot;:true,&quot;speed&quot;:300,&quot;fade&quot;:false,&quot;autoplay&quot;:true,&quot;autoplaySpeed&quot;:5000,&quot;draggable&quot;:true,&quot;touchMove&quot;:true,&quot;adaptiveHeight&quot;:false,&quot;variableWidth&quot;:false,&quot;cssEase&quot;:&quot;ease&quot;,&quot;pauseOnHover&quot;:false,&quot;centerMode&quot;:false,&quot;arrows&quot;:true,&quot;dots&quot;:true,&quot;slidesDesk&quot;:1,&quot;slidesTab&quot;:1,&quot;slidesMob&quot;:1,&quot;animation&quot;:&quot;null&quot;,&quot;tabletBreak&quot;:1025,&quot;mobileBreak&quot;:768,&quot;navigation&quot;:[],&quot;carouselNavigation&quot;:&quot;dots&quot;,&quot;templatesNumber&quot;:1}\">\r\n\t\t\t\t\t\t<div class=\"premium-carousel-nav-dot\">\r\n\t\t\t\t\t\t\t\t<i class=\"fas fa-circle\" aria-hidden=\"true\"><\/i>\r\n\t\t\t\t\t\t\t\t<\/div>\r\n\t\t\t\t\t\t\t\t<div class=\"premium-carousel-nav-arrow-prev\">\r\n\t\t\t\t\t<a type=\"button\" data-role=\"none\" class=\"carousel-arrow carousel-prev\" aria-label=\"Previous\" role=\"button\">\r\n\t\t\t\t\t\t\t\t\t\t<i class=\"fas fa-angle-left\" aria-hidden=\"true\"><\/i>\r\n\t\t\t\t\t\t\t\t\t<\/a>\r\n\t\t\t\t<\/div>\r\n\t\t\t\t<div class=\"premium-carousel-nav-arrow-next\">\r\n\t\t\t\t\t<a type=\"button\" data-role=\"none\" class=\"carousel-arrow carousel-next\" aria-label=\"Next\" role=\"button\">\r\n\t\t\t\t\t\t\t\t\t\t<i class=\"fas fa-angle-right\" aria-hidden=\"true\"><\/i>\r\n\t\t\t\t\t\t\t\t\t<\/a>\r\n\t\t\t\t<\/div>\r\n\t\t\t\t\t<div id=\"premium-carousel-e5f096a\" class=\"premium-carousel-inner\">\r\n\t\t\t\t\t\t<div class=\"premium-carousel-template item-wrapper\">\r\n\t\t\t\t\t<style>.elementor-691 .elementor-element.elementor-element-4e3fd78a{box-shadow:0px 0px 10px 0px rgba(0,0,0,0.5);}.elementor-widget-image .widget-image-caption{color:var( --e-global-color-text );font-family:var( --e-global-typography-text-font-family ), Sans-serif;font-weight:var( --e-global-typography-text-font-weight );}.elementor-691 .elementor-element.elementor-element-26e1aa8a > .elementor-widget-container{margin:-0.7rem 0rem 0rem 0rem;padding:0rem 0rem 0rem 0rem;}.elementor-widget-heading .elementor-heading-title{font-family:var( --e-global-typography-primary-font-family ), Sans-serif;font-weight:var( --e-global-typography-primary-font-weight );color:var( --e-global-color-primary );}.elementor-691 .elementor-element.elementor-element-6471bee5{text-align:center;}.elementor-691 .elementor-element.elementor-element-6471bee5 .elementor-heading-title{font-family:\"Armata\", Sans-serif;font-size:2em;font-weight:300;color:var( --e-global-color-secondary );}.elementor-widget-text-editor{font-family:var( --e-global-typography-text-font-family ), Sans-serif;font-weight:var( --e-global-typography-text-font-weight );color:var( --e-global-color-text );}.elementor-widget-text-editor.elementor-drop-cap-view-stacked .elementor-drop-cap{background-color:var( --e-global-color-primary );}.elementor-widget-text-editor.elementor-drop-cap-view-framed .elementor-drop-cap, .elementor-widget-text-editor.elementor-drop-cap-view-default .elementor-drop-cap{color:var( --e-global-color-primary );border-color:var( --e-global-color-primary );}.elementor-691 .elementor-element.elementor-element-593230fb{text-align:center;}@media(max-width:767px){.elementor-691 .elementor-element.elementor-element-26e1aa8a > .elementor-widget-container{margin:-0.67rem -0.67rem -0.67rem -0.67rem;}}<\/style>\t\t<div data-elementor-type=\"section\" data-elementor-id=\"691\" class=\"elementor elementor-691\" data-elementor-post-type=\"elementor_library\">\n\t\t\t\t\t<section class=\"elementor-section elementor-inner-section elementor-element elementor-element-4e3fd78a elementor-section-boxed elementor-section-height-default elementor-section-height-default\" data-id=\"4e3fd78a\" data-element_type=\"section\">\n\t\t\t\t\t\t<div class=\"elementor-container elementor-column-gap-default\">\n\t\t\t\t\t<div class=\"elementor-column elementor-col-100 elementor-inner-column elementor-element elementor-element-42ef9fb9\" data-id=\"42ef9fb9\" data-element_type=\"column\">\n\t\t\t<div class=\"elementor-widget-wrap elementor-element-populated\">\n\t\t\t\t\t\t<div class=\"elementor-element elementor-element-26e1aa8a elementor-widget elementor-widget-image\" data-id=\"26e1aa8a\" data-element_type=\"widget\" data-widget_type=\"image.default\">\n\t\t\t\t<div class=\"elementor-widget-container\">\n\t\t\t\t\t\t\t\t\t\t\t\t\t\t\t<img fetchpriority=\"high\" decoding=\"async\" width=\"768\" height=\"766\" src=\"https:\/\/www.avigel.de\/wp-content\/uploads\/2021\/10\/cropped-csm_1606_Neus_Werner_Prof_1_92b0e25d97-768x766.jpg\" class=\"attachment-medium_large size-medium_large wp-image-441\" alt=\"\" srcset=\"https:\/\/www.avigel.de\/wp-content\/uploads\/2021\/10\/cropped-csm_1606_Neus_Werner_Prof_1_92b0e25d97-768x766.jpg 768w, https:\/\/www.avigel.de\/wp-content\/uploads\/2021\/10\/cropped-csm_1606_Neus_Werner_Prof_1_92b0e25d97-300x300.jpg 300w, https:\/\/www.avigel.de\/wp-content\/uploads\/2021\/10\/cropped-csm_1606_Neus_Werner_Prof_1_92b0e25d97-150x150.jpg 150w, https:\/\/www.avigel.de\/wp-content\/uploads\/2021\/10\/cropped-csm_1606_Neus_Werner_Prof_1_92b0e25d97.jpg 902w\" sizes=\"(max-width: 768px) 100vw, 768px\" \/>\t\t\t\t\t\t\t\t\t\t\t\t\t\t\t<\/div>\n\t\t\t\t<\/div>\n\t\t\t\t<div class=\"elementor-element elementor-element-6471bee5 elementor-widget elementor-widget-heading\" data-id=\"6471bee5\" data-element_type=\"widget\" data-widget_type=\"heading.default\">\n\t\t\t\t<div class=\"elementor-widget-container\">\n\t\t\t\t\t<h2 class=\"elementor-heading-title elementor-size-medium\">Prof. Dr. Werner Neus<\/h2>\t\t\t\t<\/div>\n\t\t\t\t<\/div>\n\t\t\t\t<div class=\"elementor-element elementor-element-593230fb elementor-widget elementor-widget-text-editor\" data-id=\"593230fb\" data-element_type=\"widget\" data-widget_type=\"text-editor.default\">\n\t\t\t\t<div class=\"elementor-widget-container\">\n\t\t\t\t\t\t\t\t\t<p><em>Inhaber des Lehrstuhls f\u00fcr Bankwirtschaft an der Universit\u00e4t T\u00fcbingen<\/em><\/p>\t\t\t\t\t\t\t\t<\/div>\n\t\t\t\t<\/div>\n\t\t\t\t\t<\/div>\n\t\t<\/div>\n\t\t\t\t\t<\/div>\n\t\t<\/section>\n\t\t\t\t<\/div>\n\t\t\t\t\t\t\t\t\t\t\t<\/div>\r\n\t\t\t\t\t\t\t<\/div>\r\n\t\t\t\t\t<\/div>\r\n\t\t\t\t\t\t<\/div>\n\t\t\t\t<\/div>\n\t\t\t\t\t<\/div>\n\t\t<\/div>\n\t\t\t\t<div class=\"elementor-column elementor-col-33 elementor-top-column elementor-element elementor-element-f3141a9\" data-id=\"f3141a9\" data-element_type=\"column\">\n\t\t\t<div class=\"elementor-widget-wrap\">\n\t\t\t\t\t\t\t<\/div>\n\t\t<\/div>\n\t\t\t\t<div class=\"elementor-column elementor-col-33 elementor-top-column elementor-element elementor-element-3f93d2e\" data-id=\"3f93d2e\" data-element_type=\"column\">\n\t\t\t<div class=\"elementor-widget-wrap\">\n\t\t\t\t\t\t\t<\/div>\n\t\t<\/div>\n\t\t\t\t\t<\/div>\n\t\t<\/section>\n\t\t\t\t<section class=\"elementor-section elementor-top-section elementor-element elementor-element-76013eb9 elementor-section-full_width elementor-section-height-min-height elementor-hidden-mobile elementor-section-height-default elementor-section-items-middle\" data-id=\"76013eb9\" data-element_type=\"section\" data-settings=\"{&quot;background_background&quot;:&quot;classic&quot;}\">\n\t\t\t\t\t\t\t<div class=\"elementor-background-overlay\"><\/div>\n\t\t\t\t\t\t\t<div class=\"elementor-container elementor-column-gap-default\">\n\t\t\t\t\t<div class=\"elementor-column elementor-col-100 elementor-top-column elementor-element elementor-element-3417b825\" data-id=\"3417b825\" data-element_type=\"column\">\n\t\t\t<div class=\"elementor-widget-wrap elementor-element-populated\">\n\t\t\t\t\t\t<div class=\"elementor-element elementor-element-3ee3b576 elementor-widget elementor-widget-heading\" data-id=\"3ee3b576\" data-element_type=\"widget\" data-widget_type=\"heading.default\">\n\t\t\t\t<div class=\"elementor-widget-container\">\n\t\t\t\t\t<h2 class=\"elementor-heading-title elementor-size-large\">AV Igel<\/h2>\t\t\t\t<\/div>\n\t\t\t\t<\/div>\n\t\t\t\t<div class=\"elementor-element elementor-element-4d718de6 elementor-widget-divider--view-line_icon elementor-view-default elementor-widget-divider--element-align-center elementor-widget elementor-widget-divider\" data-id=\"4d718de6\" data-element_type=\"widget\" data-widget_type=\"divider.default\">\n\t\t\t\t<div class=\"elementor-widget-container\">\n\t\t\t\t\t\t\t<div class=\"elementor-divider\">\n\t\t\t<span class=\"elementor-divider-separator\">\n\t\t\t\t\t\t\t<div class=\"elementor-icon elementor-divider__element\">\n\t\t\t\t\t<svg xmlns=\"http:\/\/www.w3.org\/2000\/svg\" xmlns:xlink=\"http:\/\/www.w3.org\/1999\/xlink\" id=\"Ebene_2\" x=\"0px\" y=\"0px\" viewBox=\"0 0 1500 1500\" style=\"enable-background:new 0 0 1500 1500;\" xml:space=\"preserve\"><path d=\"M1338,330c0,0-10,41.5-326,0S565,437,565,437s-110,111,0,212s387,37,440-116S888,428,888,428s-120,10-237,239 s-119,385-241,496s-266,35-234-52c0,0,11,16,27,5s11-26-3-32s-28.5,14-28.5,14s-42.9,109.4,108.3,127.5c0.9,0.1,1.8,0.2,2.7,0.1 c15.5-0.3,148.6-8.5,244.5-195.7c102-199,127-357,168-409s85-180,248-190c0,0,122,12,33,134S765,682,765,682s-145,15-218-66 s32.9-246.8,192.7-254.6C857,355.6,878,343,1042,363c274.9,33.5,323-46,323-46s11-21-13-28.5c-30.5-9.6-36,24.5-30,30.5 S1338,330,1338,330z\"><\/path><path d=\"M249,1102c1.3-4.3-10,82,95,118s200-83,227-125s109-272,125-325s95-174,114-190s80-80,94-91s-137,83-244-12c0,0,7,79-73,161 c-80,82-49,153-49,153c0,0,0,0,0,0c0,0,7,60,103,65c96,5,109-35,109-35s11-39-105-34s-159,59-159,59s-115,82-116,228 s182,140,182,140s140-16,260-206c0,0,6.3-10.3-10.3,61.4c0,0.2-0.1,0.3-0.1,0.5c-0.4,2.5-3.3,23.2-5.6,57.7c0,0.2,0,0.5-0.1,0.7 c-0.7,4.6-8.6,54.4-21.9,70.7c0,0,47,1,94-106c47-107-23.8-79.8-20.7-43.8c0,0-5.3,41.8,36.7,33.8c41.8-8,75.7-87.3,76-88 c0,0,0,0,0,0c-0.1,0.6-18.2,82.1-83,98c0,0-37,8.5-32.5-46s40.2-41.5,42.3-23.8c2.3,18.7,12.7,29.8-34.8,109.3 c-47.5,79.5-110,91-110,91c0,0,0,0,0,0c0,0,38-45,33.5-156.5c0,0-139.5,190.5-299.5,145.5S347,1024,347,1024s-4-72.8,103.5-172.2 C558,752.5,703.9,777,704,777c0,0,0,0,0,0c0.1,0,47,2,54,38c7,36-87,47.5-87,47.5s-82,15-135.5-47.5s43-185,43-185 S656,572.5,651,459.5c0,0,0,0,0,0c0,0,94,121.5,296,0c0,0,0,0,0,0c0,0-182,170.5-211.5,278C706,845,651,999.5,626,1040 s-45,85-138.5,161.5s-203.5-6.5-208-11.5s-46.5-44-35.5-93c0,0,1-18,18.5-18c14.5,0,17,11,17,11s2,12.6-5,17.5 C265.7,1113.7,249,1102,249,1102z\"><\/path><path d=\"M1027.8,1139.9c-1.7,3.3-6.7,0.9-5.3-2.5c43.6-105.9,137.5-333.7,159.2-384.8c28.6-67.2,82.6-55.1,9.9,80.4 C1140.8,927.8,1067.3,1065.7,1027.8,1139.9z\"><\/path><path d=\"M1004.3,1171c0,0-14.6,2-15.4,19c-0.7,17,15.4,18,15.4,18s13.9-3,14.6-18.5C1019.7,1174,1004.3,1171,1004.3,1171z\"><\/path><\/svg><\/div>\n\t\t\t\t\t\t<\/span>\n\t\t<\/div>\n\t\t\t\t\t\t<\/div>\n\t\t\t\t<\/div>\n\t\t\t\t<div class=\"elementor-element elementor-element-71af9547 elementor-widget elementor-widget-heading\" data-id=\"71af9547\" data-element_type=\"widget\" data-widget_type=\"heading.default\">\n\t\t\t\t<div class=\"elementor-widget-container\">\n\t\t\t\t\t<h2 class=\"elementor-heading-title elementor-size-xxl\">Referenten<\/h2>\t\t\t\t<\/div>\n\t\t\t\t<\/div>\n\t\t\t\t\t<\/div>\n\t\t<\/div>\n\t\t\t\t\t<\/div>\n\t\t<\/section>\n\t\t\t\t<section class=\"elementor-section elementor-top-section elementor-element elementor-element-2043dc1 elementor-section-boxed elementor-section-height-default elementor-section-height-default\" data-id=\"2043dc1\" data-element_type=\"section\" data-settings=\"{&quot;background_background&quot;:&quot;classic&quot;}\">\n\t\t\t\t\t\t<div class=\"elementor-container elementor-column-gap-default\">\n\t\t\t\t\t<div class=\"elementor-column elementor-col-100 elementor-top-column elementor-element elementor-element-b4d988d\" data-id=\"b4d988d\" data-element_type=\"column\" data-settings=\"{&quot;background_background&quot;:&quot;gradient&quot;}\">\n\t\t\t<div class=\"elementor-widget-wrap elementor-element-populated\">\n\t\t\t\t\t<div class=\"elementor-background-overlay\"><\/div>\n\t\t\t\t\t\t<div class=\"elementor-element elementor-element-5bfcc04 elementor-widget elementor-widget-accordion\" data-id=\"5bfcc04\" data-element_type=\"widget\" data-widget_type=\"accordion.default\">\n\t\t\t\t<div class=\"elementor-widget-container\">\n\t\t\t\t\t\t\t<div class=\"elementor-accordion\">\n\t\t\t\t\t\t\t<div class=\"elementor-accordion-item\">\n\t\t\t\t\t<div id=\"elementor-tab-title-9641\" class=\"elementor-tab-title\" data-tab=\"1\" role=\"button\" aria-controls=\"elementor-tab-content-9641\" aria-expanded=\"false\">\n\t\t\t\t\t\t\t\t\t\t\t\t\t<span class=\"elementor-accordion-icon elementor-accordion-icon-left\" aria-hidden=\"true\">\n\t\t\t\t\t\t\t\t\t\t\t\t\t\t\t<span class=\"elementor-accordion-icon-closed\"><i class=\"fas fa-plus\"><\/i><\/span>\n\t\t\t\t\t\t\t\t<span class=\"elementor-accordion-icon-opened\"><i class=\"fas fa-minus\"><\/i><\/span>\n\t\t\t\t\t\t\t\t\t\t\t\t\t\t<\/span>\n\t\t\t\t\t\t\t\t\t\t\t\t<a class=\"elementor-accordion-title\" tabindex=\"0\">Sommersemester 2025<\/a>\n\t\t\t\t\t<\/div>\n\t\t\t\t\t<div id=\"elementor-tab-content-9641\" class=\"elementor-tab-content elementor-clearfix\" data-tab=\"1\" role=\"region\" aria-labelledby=\"elementor-tab-title-9641\"><p class=\"p1\"><span style=\"text-decoration: underline;\">Prof. Dr. Christian Picker<\/span>, Inhaber des Lehrstuhls f\u00fcr B\u00fcrgerliches Recht und Arbeitsrecht an der Eberhard Karls Universit\u00e4t<\/p><p class=\"p1\"><span style=\"text-decoration: underline;\">Michael Rudnau<\/span>, Rechtsanwalt bei Kuhn Carl Norden Baum<\/p><p class=\"p1\"><span style=\"text-decoration: underline;\">Fabian Schmitt<\/span>, Richter am Landgericht T\u00fcbingen<\/p><p class=\"p1\"><i>Paragraphen und Praxis: ein juristischer Hausabend<\/i><\/p><p class=\"p1\"><span style=\"text-decoration: underline;\">Inken Gallner<\/span>, Pr\u00e4sidentin des Bundesarbeitsgerichts<\/p><p class=\"p1\"><i>Arbeitsrecht in Zeiten von Kriegen und Krisen<\/i><\/p><p class=\"p1\"><span style=\"text-decoration: underline;\">Prof. Dr. Ralph Luetticke<\/span>, Professor f\u00fcr Makro\u00f6konomie an der Eberhard Karls Universit\u00e4t<\/p><p class=\"p1\"><i>Zwischen Abschwung und Aufbruch: Die aktuelle wirtschaftliche Lage in Deutschland<\/i><\/p><p class=\"p1\"><span style=\"text-decoration: underline;\">Ernst-Wilhelm Gohl<\/span>, Landesbischof der Evangelischen Landeskirche in W\u00fcrttemberg<\/p><p class=\"p1\"><i>Gespr\u00e4che mit dem Landesbischof: ein theologischer Hausabend\u00a0<\/i><\/p><p class=\"p1\"><span style=\"text-decoration: underline;\">u. lb. AH Dr. Dipl.-KfM. Adrian Bingel<\/span>, Rechtsanwalt und Partner Gleiss Lutz<br \/><i>Compliance Investigations &#8211; Ein Einblick in die Praxis<\/i><\/p><p class=\"p1\"><span style=\"text-decoration: underline;\">Reiner Moser<\/span>, Ministerialdirektor &amp; Amtschef im Innenministerium Baden-W\u00fcrttemberg<\/p><p class=\"p1\"><i>Innere Sicherheit in unsicheren Zeiten <\/i><\/p><\/div>\n\t\t\t\t<\/div>\n\t\t\t\t\t\t\t<div class=\"elementor-accordion-item\">\n\t\t\t\t\t<div id=\"elementor-tab-title-9642\" class=\"elementor-tab-title\" data-tab=\"2\" role=\"button\" aria-controls=\"elementor-tab-content-9642\" aria-expanded=\"false\">\n\t\t\t\t\t\t\t\t\t\t\t\t\t<span class=\"elementor-accordion-icon elementor-accordion-icon-left\" aria-hidden=\"true\">\n\t\t\t\t\t\t\t\t\t\t\t\t\t\t\t<span class=\"elementor-accordion-icon-closed\"><i class=\"fas fa-plus\"><\/i><\/span>\n\t\t\t\t\t\t\t\t<span class=\"elementor-accordion-icon-opened\"><i class=\"fas fa-minus\"><\/i><\/span>\n\t\t\t\t\t\t\t\t\t\t\t\t\t\t<\/span>\n\t\t\t\t\t\t\t\t\t\t\t\t<a class=\"elementor-accordion-title\" tabindex=\"0\">Wintersemester 2024\/2025<\/a>\n\t\t\t\t\t<\/div>\n\t\t\t\t\t<div id=\"elementor-tab-content-9642\" class=\"elementor-tab-content elementor-clearfix\" data-tab=\"2\" role=\"region\" aria-labelledby=\"elementor-tab-title-9642\"><p class=\"p1\"><span style=\"text-decoration: underline;\">u. lb. AH Hartmut Kilger<\/span>, Fachanwalt f\u00fcr Sozialrecht<\/p><p class=\"p1\"><em>Musik ohne Noten<\/em><\/p><p class=\"p1\"><span style=\"text-decoration: underline;\">Prof. Dr. Christian Picker<\/span>, Inhaber des Lehrstuhls f\u00fcr B\u00fcrgerliches Recht und Arbeitsrecht an der Eberhard Karls Universit\u00e4t<\/p><p class=\"p1\"><em>Sylt &#8211; eine arbeitsrechtliche Betrachtung<\/em><\/p><p class=\"p1\"><span style=\"text-decoration: underline;\">Prof. Dr. Franz-Josef Bormann<\/span>, ehem. Mitglied des Deutschen Ethikrates, Lehrstuhl f\u00fcr Moraltheologie an der Katholisch-Theologischen Fakult\u00e4t der Eberhard Karls Universit\u00e4t<\/p><p class=\"p1\"><em>Handlungsf\u00e4higkeit und gutes Leben<\/em><\/p><p class=\"p1\"><span style=\"text-decoration: underline;\">Prof. Dr. Christine Osterloh-Konrad<\/span>, Inhaberin des Lehrstuhls f\u00fcr B\u00fcrgerliches Recht, Handels- und Gesellschaftsrecht, Steuerrecht sowie Rechtsphilosophie an der Eberhard Karls Universit\u00e4t<\/p><p><em>Klimaaktivismus und Deliktsrecht<\/em><\/p><\/div>\n\t\t\t\t<\/div>\n\t\t\t\t\t\t\t<div class=\"elementor-accordion-item\">\n\t\t\t\t\t<div id=\"elementor-tab-title-9643\" class=\"elementor-tab-title\" data-tab=\"3\" role=\"button\" aria-controls=\"elementor-tab-content-9643\" aria-expanded=\"false\">\n\t\t\t\t\t\t\t\t\t\t\t\t\t<span class=\"elementor-accordion-icon elementor-accordion-icon-left\" aria-hidden=\"true\">\n\t\t\t\t\t\t\t\t\t\t\t\t\t\t\t<span class=\"elementor-accordion-icon-closed\"><i class=\"fas fa-plus\"><\/i><\/span>\n\t\t\t\t\t\t\t\t<span class=\"elementor-accordion-icon-opened\"><i class=\"fas fa-minus\"><\/i><\/span>\n\t\t\t\t\t\t\t\t\t\t\t\t\t\t<\/span>\n\t\t\t\t\t\t\t\t\t\t\t\t<a class=\"elementor-accordion-title\" tabindex=\"0\">Sommersemester 2024<\/a>\n\t\t\t\t\t<\/div>\n\t\t\t\t\t<div id=\"elementor-tab-content-9643\" class=\"elementor-tab-content elementor-clearfix\" data-tab=\"3\" role=\"region\" aria-labelledby=\"elementor-tab-title-9643\"><p><span style=\"text-decoration: underline;\">Prof Dr. J\u00f6rg Eisele<\/span>, Professor f\u00fcr Deutsches und Europ\u00e4isches Straf- und Prozessrecht, Wirtschaftsrecht und Computerstrafrecht<\/p><p><span style=\"text-decoration: underline;\">Dr. Tamara Schneider, <\/span>Rechtsanw\u00e4ltin bei Quinn Emanuel<\/p><p><span style=\"text-decoration: underline;\">Dr. Felix Schmidh\u00e4user,<\/span> Akademischer Mitarbeiter des Lehrstuhls Strafrecht an der Eberhard Karls Universit\u00e4t\u00a0<\/p><p><em>Perspektiven auf das Jurastudium, ein juristischer Hausabend<\/em><\/p><p><span style=\"text-decoration: underline;\">u. lb. AH Prof. Dr. Fabian H\u00fcttig<\/span>, \u00c4rztlicher Direktor und Professor f\u00fcr Zahnmedizin am Universit\u00e4tsklinikum T\u00fcbingen\u00a0<\/p><p class=\"p1\"><span style=\"text-decoration: underline;\"><span class=\"s1\">Dr. med. dent. Anke Bleicher<\/span><\/span>, praktizierende Zahn\u00e4rztin aus T\u00fcbingen<\/p><p class=\"p1\"><span style=\"text-decoration: underline;\"><span class=\"s1\">Dr. med. dent. Stephan Gro\u00dfe-Sender<\/span><\/span>, praktizierender Zahnarzt aus T\u00fcbingen<\/p><p class=\"p1\"><i>Zahnmedizinischer Hausabend<\/i><\/p><p><span style=\"text-decoration: underline;\">Prof. Dr. Bernd Hecker<\/span>, Professor f\u00fcr Deutsches und Europ\u00e4isches Strafrecht, Strafprozessrecht sowie Umwelt- und Wirtschaftsstrafrecht an der Eberhard Karls Universit\u00e4t\u00a0<br \/><em>Nebis in idem &#8211; Der Doppelbestrafungsgrundsatz und das Europarecht<\/em><\/p><p class=\"p1\"><span style=\"text-decoration: underline;\"><span class=\"s1\">Prof. Dr. Michael Tilly<\/span><\/span>, Professor f\u00fcr Neues Testament und Antikes Judentum an der Evangelisch-Theologischen Fakult\u00e4t der Eberhard Karls Universit\u00e4t<\/p><p class=\"p1\"><i>Antisemitismus und die Studentenschaft im Kaiserreich<\/i><\/p><p class=\"p1\"><span style=\"text-decoration: underline;\"><span class=\"s1\">Prof. Dr. Christian Witt<\/span><\/span>, Inhaber Lehrstuhl Kirchengeschichte I: Reformationsgeschichte und Mittelalter sowie Direktor des Instituts f\u00fcr Sp\u00e4tmittelalter und Reformation an der Eberhard Karls Universit\u00e4t<\/p><p class=\"p1\"><i>Glaube, Freiheit und Verpflichtung &#8211; eine religi\u00f6se Liebeserkl\u00e4rung<\/i><\/p><p class=\"p1\"><span style=\"text-decoration: underline;\"><span class=\"s1\">Prof. Dr. Claus Claussen<\/span><\/span>, Radiologe, Nuklearmediziner und Neuroradiologie<\/p><p class=\"p1\"><span style=\"text-decoration: underline;\"><span class=\"s1\">Dr. Thomas Shiozawa-Bayer<\/span><\/span>, Lehrbeauftragter f\u00fcr Mikroskopische Anatomie an der Eberhard Karls Universit\u00e4t T\u00fcbingen<\/p><p class=\"p1\"><span style=\"text-decoration: underline;\"><span class=\"s1\">Dr. Volker Reichardt<\/span><\/span>, Haus\u00e4rztlicher Internist in Biberach an der Ri\u00df<\/p><p class=\"p1\"><i>Der Arzt der Zukunft &#8211; ein medizinischer Hausabend<\/i><i><\/i><\/p><p><span style=\"text-decoration: underline;\">Julia Mayer<\/span>, CDU<br \/><span style=\"text-decoration: underline;\">Marin Pavicic-Le D\u00e9roff<\/span>, B\u00fcndnis 90 die Gr\u00fcnen <br \/><span style=\"text-decoration: underline;\">Nathalie Denoix<\/span>, SPD <br \/><span style=\"text-decoration: underline;\">Irene Schuster<\/span>, FDP <br \/><span style=\"text-decoration: underline;\">Lukas Kessler<\/span>, T\u00fcbinger Liste\u00a0<\/p><p><em>Kommunalpolitisches Stammtischgespr\u00e4ch &#8211; Ein Treffen mit den Kandidaten des T\u00fcbinger Gemeinderats<\/em><\/p><\/div>\n\t\t\t\t<\/div>\n\t\t\t\t\t\t\t<div class=\"elementor-accordion-item\">\n\t\t\t\t\t<div id=\"elementor-tab-title-9644\" class=\"elementor-tab-title\" data-tab=\"4\" role=\"button\" aria-controls=\"elementor-tab-content-9644\" aria-expanded=\"false\">\n\t\t\t\t\t\t\t\t\t\t\t\t\t<span class=\"elementor-accordion-icon elementor-accordion-icon-left\" aria-hidden=\"true\">\n\t\t\t\t\t\t\t\t\t\t\t\t\t\t\t<span class=\"elementor-accordion-icon-closed\"><i class=\"fas fa-plus\"><\/i><\/span>\n\t\t\t\t\t\t\t\t<span class=\"elementor-accordion-icon-opened\"><i class=\"fas fa-minus\"><\/i><\/span>\n\t\t\t\t\t\t\t\t\t\t\t\t\t\t<\/span>\n\t\t\t\t\t\t\t\t\t\t\t\t<a class=\"elementor-accordion-title\" tabindex=\"0\">Wintersemester 2023\/2024<\/a>\n\t\t\t\t\t<\/div>\n\t\t\t\t\t<div id=\"elementor-tab-content-9644\" class=\"elementor-tab-content elementor-clearfix\" data-tab=\"4\" role=\"region\" aria-labelledby=\"elementor-tab-title-9644\"><p class=\"p1\"><span style=\"text-decoration: underline;\">Dr. Daniela H\u00fcttig<\/span>, erste Landesbeamtin &amp; stellv. Landr\u00e4tin in T\u00fcbingen<\/p><p><span style=\"text-decoration: underline;\">u. lb. AH Simon Gollasch<\/span>, LL.M. Ma\u00eetre en droit, RA bei Oppenl\u00e4nder Rechtsanw\u00e4lte<\/p><p class=\"p1\"><span style=\"text-decoration: underline;\">Reinhardt Ebersp\u00e4cher<\/span>, Gr\u00fcnder und Partner bei Ebersp\u00e4cher Rechtsanw\u00e4lte<\/p><p class=\"p1\"><em>opinio communis: ein juristischer Hausabend\u00a0<\/em><\/p><p class=\"p1\"><span style=\"text-decoration: underline;\">Dr. Thomas Bauer<\/span>, Advokat bei Kellerhals Carrard und ehem. Pr\u00e4sident des Verwaltungsrats der Schweizerischen Finanzmarktaufsicht FINMA<br \/><em>Deutschland: ein Blick von Au\u00dfen<\/em><\/p><p><span style=\"text-decoration: underline;\">Michael Heinrich<\/span>, Gesch\u00e4ftsf\u00fchrer beim Bundesverband der Arzneimittel-Hersteller<\/p><\/div>\n\t\t\t\t<\/div>\n\t\t\t\t\t\t\t<div class=\"elementor-accordion-item\">\n\t\t\t\t\t<div id=\"elementor-tab-title-9645\" class=\"elementor-tab-title\" data-tab=\"5\" role=\"button\" aria-controls=\"elementor-tab-content-9645\" aria-expanded=\"false\">\n\t\t\t\t\t\t\t\t\t\t\t\t\t<span class=\"elementor-accordion-icon elementor-accordion-icon-left\" aria-hidden=\"true\">\n\t\t\t\t\t\t\t\t\t\t\t\t\t\t\t<span class=\"elementor-accordion-icon-closed\"><i class=\"fas fa-plus\"><\/i><\/span>\n\t\t\t\t\t\t\t\t<span class=\"elementor-accordion-icon-opened\"><i class=\"fas fa-minus\"><\/i><\/span>\n\t\t\t\t\t\t\t\t\t\t\t\t\t\t<\/span>\n\t\t\t\t\t\t\t\t\t\t\t\t<a class=\"elementor-accordion-title\" tabindex=\"0\">Sommersemester 2023<\/a>\n\t\t\t\t\t<\/div>\n\t\t\t\t\t<div id=\"elementor-tab-content-9645\" class=\"elementor-tab-content elementor-clearfix\" data-tab=\"5\" role=\"region\" aria-labelledby=\"elementor-tab-title-9645\"><p class=\"p1\"><span style=\"text-decoration: underline;\">Prof. Dr. J\u00f6rg Eisele<\/span>, Professor f\u00fcr Deutsches und Europ\u00e4isches Straf- und Prozessrecht, Wirtschaftsrecht und Computerstrafrecht<\/p><p><span style=\"text-decoration: underline;\">u. lb. AH Dr. Andreas Wax<\/span>, Rechtsanwalt f\u00fcr Immobilienrecht bei Th\u00fcmmel, Sch\u00fctze und Partner<\/p><p class=\"p1\"><span style=\"text-decoration: underline;\">u. lb. AH Prof. Dr. Phillip Molsberger<\/span>, Hochschullehrer f\u00fcr \u00d6ffentliches Recht, insbesondere Staats- und Verfassungsrecht an der Hochschule f\u00fcr Polizei Baden-W\u00fcrttemberg, Erster Staatsanwalt des Staatsanwaltschaft Stuttgart (a.D.)<\/p><p class=\"p1\"><i>Juristischer Hausabend <\/i><i><\/i><\/p><p class=\"p1\"><span style=\"text-decoration: underline;\">Nils Model<\/span>, Managing Director bei bwIT-AW<\/p><p class=\"p1\"><i>Workshop \u201everantwortungsvoller Umgang mit KI im Zusammenhang mit Recht &amp; Ethik <\/i><i><\/i><\/p><p class=\"p1\"><span style=\"text-decoration: underline;\">Prof. Dr. Christof Landmesser<\/span>, Professor der Evangelisch-Theologischen Fakult\u00e4t der Eberhard Karls Universit\u00e4t<\/p><p class=\"p1\"><i>Rudolf Bultmann &#8211; Theologie im 20. Jahrhundert und heute <\/i><\/p><p class=\"p1\"><span style=\"text-decoration: underline;\">Prof. Dr. Klaus Gestwa<\/span>, Direktor des Instituts f\u00fcr Osteurop\u00e4ische Geschichte und Landeskunde sowie Professor f\u00fcr Osteurop\u00e4ische Geschichte an der Eberhard Karls Universit\u00e4t<\/p><p class=\"p1\"><i>Putins Angriffskrieg gegen die Ukraine<\/i><\/p><p class=\"p1\"><span style=\"text-decoration: underline;\">u. lb. AH Hartmut Kilger<\/span>, Fachanwalt f\u00fcr Sozialrecht<\/p><p class=\"p1\"><i>Vortrag zur Altersvorsorge<\/i><\/p><\/div>\n\t\t\t\t<\/div>\n\t\t\t\t\t\t\t<div class=\"elementor-accordion-item\">\n\t\t\t\t\t<div id=\"elementor-tab-title-9646\" class=\"elementor-tab-title\" data-tab=\"6\" role=\"button\" aria-controls=\"elementor-tab-content-9646\" aria-expanded=\"false\">\n\t\t\t\t\t\t\t\t\t\t\t\t\t<span class=\"elementor-accordion-icon elementor-accordion-icon-left\" aria-hidden=\"true\">\n\t\t\t\t\t\t\t\t\t\t\t\t\t\t\t<span class=\"elementor-accordion-icon-closed\"><i class=\"fas fa-plus\"><\/i><\/span>\n\t\t\t\t\t\t\t\t<span class=\"elementor-accordion-icon-opened\"><i class=\"fas fa-minus\"><\/i><\/span>\n\t\t\t\t\t\t\t\t\t\t\t\t\t\t<\/span>\n\t\t\t\t\t\t\t\t\t\t\t\t<a class=\"elementor-accordion-title\" tabindex=\"0\">Wintersemester 2022\/2023<\/a>\n\t\t\t\t\t<\/div>\n\t\t\t\t\t<div id=\"elementor-tab-content-9646\" class=\"elementor-tab-content elementor-clearfix\" data-tab=\"6\" role=\"region\" aria-labelledby=\"elementor-tab-title-9646\"><p class=\"p1\"><span style=\"text-decoration: underline;\">Jan Liermann<\/span>, Seminarmusiklehrer am Evangelischen Seminar Blaubeuren<\/p><p class=\"p1\"><em>Gesangskurs- Grundlagen der Stimmphysiologie, Atem- und Stimmtechnik<\/em><\/p><p class=\"p1\"><span style=\"text-decoration: underline;\">Prof. Dr. Sigrid Hirbodian<\/span>, Direktorin des Instituts f\u00fcr Geschichtliche Landeskunde und Historische Hilfswissenschaften an der Eberhard Karls Universit\u00e4t<\/p><p class=\"p1\"><em>Vortrag zur Namens\u00e4nderung der Universit\u00e4t T\u00fcbingen<\/em><\/p><p class=\"p1\"><span style=\"text-decoration: underline;\">Prof. Dr. J\u00fcrgen Kampmann<\/span>, em. Professor f\u00fcr Theologie an der Eberhard Karls Universit\u00e4t\u00a0<\/p><p class=\"p1\"><span style=\"text-decoration: underline;\">Prof. Dr. Michael Droege<\/span>, Direktor des Instituts f\u00fcr Recht und Religion, Direktor des Instituts f\u00fcr Finanz- und Steuerrecht, Inhaber des Lehrstuhls f\u00fcr \u00f6ffentliches Recht; Verwaltungsrecht, Religionsverfassungsrecht und Kirchenrecht sowie Steuerrecht<\/p><p class=\"p1\"><em>Einfl\u00fcsse der Religion auf das Recht<\/em><\/p><p class=\"p1\"><span style=\"text-decoration: underline;\">Prof. Dr. Klaus Mangold<\/span>, Deutscher Manager in verschiedenen DAX-Unternehmen, Ehrensenator der Universit\u00e4t Freiburg<\/p><p class=\"p1\"><span style=\"text-decoration: underline;\">u. lb. AH Cypselus von Frankenberg<\/span><\/p><p class=\"p1\"><em>Automobil-PR und Marketing in Zeiten von Social Media<\/em><\/p><p class=\"p1\"><span style=\"text-decoration: underline;\">u.lb. AH Prof. Dr. Phillip Molsberger<\/span>, Hochschullehrer f\u00fcr \u00d6ffentliches Recht, insbesondere Staats- und Verfassungsrecht an der Hochschule f\u00fcr Polizei Baden-W\u00fcrttemberg, Erster Staatsanwalt der Staatsanwaltschaft Stuttgart (a.D.)<\/p><p class=\"p1\"><em>Gesellschaft, Gift, Gesetz<\/em><\/p><\/div>\n\t\t\t\t<\/div>\n\t\t\t\t\t\t\t<div class=\"elementor-accordion-item\">\n\t\t\t\t\t<div id=\"elementor-tab-title-9647\" class=\"elementor-tab-title\" data-tab=\"7\" role=\"button\" aria-controls=\"elementor-tab-content-9647\" aria-expanded=\"false\">\n\t\t\t\t\t\t\t\t\t\t\t\t\t<span class=\"elementor-accordion-icon elementor-accordion-icon-left\" aria-hidden=\"true\">\n\t\t\t\t\t\t\t\t\t\t\t\t\t\t\t<span class=\"elementor-accordion-icon-closed\"><i class=\"fas fa-plus\"><\/i><\/span>\n\t\t\t\t\t\t\t\t<span class=\"elementor-accordion-icon-opened\"><i class=\"fas fa-minus\"><\/i><\/span>\n\t\t\t\t\t\t\t\t\t\t\t\t\t\t<\/span>\n\t\t\t\t\t\t\t\t\t\t\t\t<a class=\"elementor-accordion-title\" tabindex=\"0\">Sommersemester 2022<\/a>\n\t\t\t\t\t<\/div>\n\t\t\t\t\t<div id=\"elementor-tab-content-9647\" class=\"elementor-tab-content elementor-clearfix\" data-tab=\"7\" role=\"region\" aria-labelledby=\"elementor-tab-title-9647\"><p><u>AH Boris Hirn<\/u> \u2013 Zahnarzt, Dozent &amp; wiss. Mitarbeiter Universit\u00e4t T\u00fcbingen, Zahn\u00e4rztliche Prothetik<\/p><p><u>AH Dr. Fabian H\u00fcttig<\/u> \u2013 \u00c4rztlicher Direktor und Professor f\u00fcr Zahnmedizin am Universit\u00e4tsklinikum T\u00fcbingen\u00a0<\/p><p><u>AH Dr. Sebastian Kirchner<\/u> \u2013 Zahnarzt<\/p><p><u>AH Dr. Johannes L\u00f6rner<\/u> \u2013 Zahnarzt<\/p><p>\u201eZahnmedizinischer Hausabend&#8220;<\/p><p><u>Prof. Dr. Bernd Heinrich<\/u> \u2013 Lehrstuhl f\u00fcr Strafrecht, Srafprozessrecht und Urheberrecht<\/p><p><u>Dr. Tamara Rapo<\/u> \u2013 Richterin am LG Hechingen<\/p><p><u>AH Matthias Schaubel<\/u> \u2013 Anwalt und Syndikus<\/p><p>\u201eJuristischer Hausabend&#8220;<\/p><p><u>Prof. Dr. Chrisitian-Rainer Weisbach<\/u> \u2013 Coach f\u00fcr proffessionelle Gespr\u00e4chsf\u00fchrung, Betriebliche Fort- und Weiterbildung<\/p><p>\u201eWer argumentiert, verliert!&#8220;<\/p><p><u>AH Andreas Renschler<\/u> \u2013 Vorsitzender des LADW, ehem. Vorstandsmitglied der Volkswagen AG, ehem. Vorstandsmitglied der Daimler AG<\/p><p>\u201e<i>Die Wirtschaft in Zeiten der Transformation am Beispiel der NfZ-Industrie<\/i>\u201c<\/p><p><u>Dr. Alexander Heinemann<\/u> \u2013 wiss. Mitarbeiter am Institut f\u00fcr Arch\u00e4ologie<\/p><p>\u201e<i>Ein antiker Igel und anderes Getier &#8211; Animalisches aus der T\u00fcbinger Antikensammlung<\/i>\u201c<\/p><p><u>AH Reinhard von Brunn<\/u> \u2013 Mitglied des T\u00fcbinger Gemeinderates<\/p><p>\u201e<i>Chiles Weg aus absoluter Armut zum modernen Schwellenland&#8220;<\/i><\/p><p><u>Prof. Dr. Thomas Finkenauer<\/u> \u2013 Lehrstuhl f\u00fcr B\u00fcrgerliches Recht, R\u00f6misches Recht und Europ\u00e4isches Privatrecht<\/p><p>\u201e<i>Laesio enormis und der Bundesgerichtshof&#8220;<\/i><\/p><\/div>\n\t\t\t\t<\/div>\n\t\t\t\t\t\t\t<div class=\"elementor-accordion-item\">\n\t\t\t\t\t<div id=\"elementor-tab-title-9648\" class=\"elementor-tab-title\" data-tab=\"8\" role=\"button\" aria-controls=\"elementor-tab-content-9648\" aria-expanded=\"false\">\n\t\t\t\t\t\t\t\t\t\t\t\t\t<span class=\"elementor-accordion-icon elementor-accordion-icon-left\" aria-hidden=\"true\">\n\t\t\t\t\t\t\t\t\t\t\t\t\t\t\t<span class=\"elementor-accordion-icon-closed\"><i class=\"fas fa-plus\"><\/i><\/span>\n\t\t\t\t\t\t\t\t<span class=\"elementor-accordion-icon-opened\"><i class=\"fas fa-minus\"><\/i><\/span>\n\t\t\t\t\t\t\t\t\t\t\t\t\t\t<\/span>\n\t\t\t\t\t\t\t\t\t\t\t\t<a class=\"elementor-accordion-title\" tabindex=\"0\">Wintersemester 2021 \/ 2022<\/a>\n\t\t\t\t\t<\/div>\n\t\t\t\t\t<div id=\"elementor-tab-content-9648\" class=\"elementor-tab-content elementor-clearfix\" data-tab=\"8\" role=\"region\" aria-labelledby=\"elementor-tab-title-9648\"><p><u>Prof. Dr. J\u00f6rg Eisele<\/u> \u2013 Lehrstuhl f\u00fcr Deutsches und Europ\u00e4isches Straf- und Strafprozessrecht, Wirtschaftsrecht und Computerstrafrecht<\/p><p><u>AH Dr. Andreas Wax<\/u> \u2013 Anwalt und Partner bei Th\u00fcmmel, Sch\u00fctze und Partner\u00a0<\/p><p><u>AH Dr. Adrian Bingel<\/u> \u2013 Anwalt und Partner bei Gleiss-Lutz<\/p><p>\u201eJuristischer Hausabend&#8220;<\/p><p><u>Prof. Dr. Werner Neus<\/u> \u2013 Lehrstuhl f\u00fcr Bankwirtschaft<\/p><p><u>AH Dr. Markus Aichele<\/u> \u2013 Direktor Governance, Risk &amp; Compliance bei der NOVENTI Health SE &amp; NOVENTI Healthcare GmbH<\/p><p><u>AH\u00a0 J\u00f6rg Stefan Haselmeyer<\/u> \u2013 Director &#8211; Forensic &amp; Integrity Services &#8211; Forensic Data Analytics and Investigations bei Ernst &amp; Young<\/p><p>\u201e\u00d6konomischer Hausabend&#8220;<\/p><p><u>Prof. Dr. Bernd Hecker<\/u> \u2013 Lehrstuhl f\u00fcr Deutsches und Europ\u00e4isches Strafrecht, Strafprozessrecht, Umwelt- und Wirtschaftstraftrecht<\/p><p>\u201eDas Sterbehilde-Urteil des BVerfG: Wie geht es weiter mit dem Recht auf selbstbestimmtes Sterben?&#8220;<\/p><p><u>AH Volker Ellenberger\u00a0<\/u> \u2013 Pr\u00e4sident des VGH Baden-W\u00fcrttemberg<\/p><p>\u201eCoronaVO und IfSG &#8211; Die Corona-Rechtsprechung&#8220;<\/p><p><u>Dr. Lisa Federle\u00a0<\/u> \u2013 \u00c4rztin, Begr\u00fcnderin der T\u00fcbinger &#8222;rollenden Arztpraxis&#8220;<\/p><p>\u201eDer T\u00fcbinger Modellversuch&#8220;<\/p><\/div>\n\t\t\t\t<\/div>\n\t\t\t\t\t\t\t<div class=\"elementor-accordion-item\">\n\t\t\t\t\t<div id=\"elementor-tab-title-9649\" class=\"elementor-tab-title\" data-tab=\"9\" role=\"button\" aria-controls=\"elementor-tab-content-9649\" aria-expanded=\"false\">\n\t\t\t\t\t\t\t\t\t\t\t\t\t<span class=\"elementor-accordion-icon elementor-accordion-icon-left\" aria-hidden=\"true\">\n\t\t\t\t\t\t\t\t\t\t\t\t\t\t\t<span class=\"elementor-accordion-icon-closed\"><i class=\"fas fa-plus\"><\/i><\/span>\n\t\t\t\t\t\t\t\t<span class=\"elementor-accordion-icon-opened\"><i class=\"fas fa-minus\"><\/i><\/span>\n\t\t\t\t\t\t\t\t\t\t\t\t\t\t<\/span>\n\t\t\t\t\t\t\t\t\t\t\t\t<a class=\"elementor-accordion-title\" tabindex=\"0\">Sommersemester 2021<\/a>\n\t\t\t\t\t<\/div>\n\t\t\t\t\t<div id=\"elementor-tab-content-9649\" class=\"elementor-tab-content elementor-clearfix\" data-tab=\"9\" role=\"region\" aria-labelledby=\"elementor-tab-title-9649\"><p><u>AH Hartmut Kilger<\/u> \u2013 Pr\u00e4sident des Deutschen Anwaltsvereins<\/p><p>\u201e<i>Philipp von Heck \u2013 Leben und Wirken<\/i>\u201c (Onlinevortrag)<\/p><\/div>\n\t\t\t\t<\/div>\n\t\t\t\t\t\t\t<div class=\"elementor-accordion-item\">\n\t\t\t\t\t<div id=\"elementor-tab-title-96410\" class=\"elementor-tab-title\" data-tab=\"10\" role=\"button\" aria-controls=\"elementor-tab-content-96410\" aria-expanded=\"false\">\n\t\t\t\t\t\t\t\t\t\t\t\t\t<span class=\"elementor-accordion-icon elementor-accordion-icon-left\" aria-hidden=\"true\">\n\t\t\t\t\t\t\t\t\t\t\t\t\t\t\t<span class=\"elementor-accordion-icon-closed\"><i class=\"fas fa-plus\"><\/i><\/span>\n\t\t\t\t\t\t\t\t<span class=\"elementor-accordion-icon-opened\"><i class=\"fas fa-minus\"><\/i><\/span>\n\t\t\t\t\t\t\t\t\t\t\t\t\t\t<\/span>\n\t\t\t\t\t\t\t\t\t\t\t\t<a class=\"elementor-accordion-title\" tabindex=\"0\">Wintersemester  2020 \/ 2021<\/a>\n\t\t\t\t\t<\/div>\n\t\t\t\t\t<div id=\"elementor-tab-content-96410\" class=\"elementor-tab-content elementor-clearfix\" data-tab=\"10\" role=\"region\" aria-labelledby=\"elementor-tab-title-96410\"><p><u>AH Prof. Dr. Hans-Michael Strassburg<\/u> \u2013 Lehrstuhl f\u00fcr Kinder- und Jugendmedizin an der Universit\u00e4t W\u00fcrzburg<\/p><p>\u201e<i>75 Jahre Bonhoeffer \u2013 Leben und Wirken<\/i>\u201c (Onlinevortrag)<\/p><p><u>Prof. Dr. Georg Braungart<\/u> \u2013 Lehrstuhl f\u00fcr neue deutsche Literatur<\/p><p>\u201e<i>Die Linien des Lebens sind verschieden \u2013 Friedrich H\u00f6lderlin zwischen Stift und Turm<\/i>\u201c (Onlinevortrag)<\/p><\/div>\n\t\t\t\t<\/div>\n\t\t\t\t\t\t\t\t\t\t<script type=\"application\/ld+json\">{\"@context\":\"https:\\\/\\\/schema.org\",\"@type\":\"FAQPage\",\"mainEntity\":[{\"@type\":\"Question\",\"name\":\"Sommersemester 2025\",\"acceptedAnswer\":{\"@type\":\"Answer\",\"text\":\"<p class=\\\"p1\\\"><span style=\\\"text-decoration: underline;\\\">Prof. Dr. Christian Picker<\\\/span>, Inhaber des Lehrstuhls f\\u00fcr B\\u00fcrgerliches Recht und Arbeitsrecht an der Eberhard Karls Universit\\u00e4t<\\\/p><p class=\\\"p1\\\"><span style=\\\"text-decoration: underline;\\\">Michael Rudnau<\\\/span>, Rechtsanwalt bei Kuhn Carl Norden Baum<\\\/p><p class=\\\"p1\\\"><span style=\\\"text-decoration: underline;\\\">Fabian Schmitt<\\\/span>, Richter am Landgericht T\\u00fcbingen<\\\/p><p class=\\\"p1\\\"><i>Paragraphen und Praxis: ein juristischer Hausabend<\\\/i><\\\/p><p class=\\\"p1\\\"><span style=\\\"text-decoration: underline;\\\">Inken Gallner<\\\/span>, Pr\\u00e4sidentin des Bundesarbeitsgerichts<\\\/p><p class=\\\"p1\\\"><i>Arbeitsrecht in Zeiten von Kriegen und Krisen<\\\/i><\\\/p><p class=\\\"p1\\\"><span style=\\\"text-decoration: underline;\\\">Prof. Dr. Ralph Luetticke<\\\/span>, Professor f\\u00fcr Makro\\u00f6konomie an der Eberhard Karls Universit\\u00e4t<\\\/p><p class=\\\"p1\\\"><i>Zwischen Abschwung und Aufbruch: Die aktuelle wirtschaftliche Lage in Deutschland<\\\/i><\\\/p><p class=\\\"p1\\\"><span style=\\\"text-decoration: underline;\\\">Ernst-Wilhelm Gohl<\\\/span>, Landesbischof der Evangelischen Landeskirche in W\\u00fcrttemberg<\\\/p><p class=\\\"p1\\\"><i>Gespr\\u00e4che mit dem Landesbischof: ein theologischer Hausabend\\u00a0<\\\/i><\\\/p><p class=\\\"p1\\\"><span style=\\\"text-decoration: underline;\\\">u. lb. AH Dr. Dipl.-KfM. Adrian Bingel<\\\/span>, Rechtsanwalt und Partner Gleiss Lutz<br \\\/><i>Compliance Investigations &#8211; Ein Einblick in die Praxis<\\\/i><\\\/p><p class=\\\"p1\\\"><span style=\\\"text-decoration: underline;\\\">Reiner Moser<\\\/span>, Ministerialdirektor &amp; Amtschef im Innenministerium Baden-W\\u00fcrttemberg<\\\/p><p class=\\\"p1\\\"><i>Innere Sicherheit in unsicheren Zeiten <\\\/i><\\\/p>\"}},{\"@type\":\"Question\",\"name\":\"Wintersemester 2024\\\/2025\",\"acceptedAnswer\":{\"@type\":\"Answer\",\"text\":\"<p class=\\\"p1\\\"><span style=\\\"text-decoration: underline;\\\">u. lb. AH Hartmut Kilger<\\\/span>, Fachanwalt f\\u00fcr Sozialrecht<\\\/p><p class=\\\"p1\\\"><em>Musik ohne Noten<\\\/em><\\\/p><p class=\\\"p1\\\"><span style=\\\"text-decoration: underline;\\\">Prof. Dr. Christian Picker<\\\/span>, Inhaber des Lehrstuhls f\\u00fcr B\\u00fcrgerliches Recht und Arbeitsrecht an der Eberhard Karls Universit\\u00e4t<\\\/p><p class=\\\"p1\\\"><em>Sylt &#8211; eine arbeitsrechtliche Betrachtung<\\\/em><\\\/p><p class=\\\"p1\\\"><span style=\\\"text-decoration: underline;\\\">Prof. Dr. Franz-Josef Bormann<\\\/span>, ehem. Mitglied des Deutschen Ethikrates, Lehrstuhl f\\u00fcr Moraltheologie an der Katholisch-Theologischen Fakult\\u00e4t der Eberhard Karls Universit\\u00e4t<\\\/p><p class=\\\"p1\\\"><em>Handlungsf\\u00e4higkeit und gutes Leben<\\\/em><\\\/p><p class=\\\"p1\\\"><span style=\\\"text-decoration: underline;\\\">Prof. Dr. Christine Osterloh-Konrad<\\\/span>, Inhaberin des Lehrstuhls f\\u00fcr B\\u00fcrgerliches Recht, Handels- und Gesellschaftsrecht, Steuerrecht sowie Rechtsphilosophie an der Eberhard Karls Universit\\u00e4t<\\\/p><p><em>Klimaaktivismus und Deliktsrecht<\\\/em><\\\/p>\"}},{\"@type\":\"Question\",\"name\":\"Sommersemester 2024\",\"acceptedAnswer\":{\"@type\":\"Answer\",\"text\":\"<p><span style=\\\"text-decoration: underline;\\\">Prof Dr. J\\u00f6rg Eisele<\\\/span>, Professor f\\u00fcr Deutsches und Europ\\u00e4isches Straf- und Prozessrecht, Wirtschaftsrecht und Computerstrafrecht<\\\/p><p><span style=\\\"text-decoration: underline;\\\">Dr. Tamara Schneider, <\\\/span>Rechtsanw\\u00e4ltin bei Quinn Emanuel<\\\/p><p><span style=\\\"text-decoration: underline;\\\">Dr. Felix Schmidh\\u00e4user,<\\\/span> Akademischer Mitarbeiter des Lehrstuhls Strafrecht an der Eberhard Karls Universit\\u00e4t\\u00a0<\\\/p><p><em>Perspektiven auf das Jurastudium, ein juristischer Hausabend<\\\/em><\\\/p><p><span style=\\\"text-decoration: underline;\\\">u. lb. AH Prof. Dr. Fabian H\\u00fcttig<\\\/span>, \\u00c4rztlicher Direktor und Professor f\\u00fcr Zahnmedizin am Universit\\u00e4tsklinikum T\\u00fcbingen\\u00a0<\\\/p><p class=\\\"p1\\\"><span style=\\\"text-decoration: underline;\\\"><span class=\\\"s1\\\">Dr. med. dent. Anke Bleicher<\\\/span><\\\/span>, praktizierende Zahn\\u00e4rztin aus T\\u00fcbingen<\\\/p><p class=\\\"p1\\\"><span style=\\\"text-decoration: underline;\\\"><span class=\\\"s1\\\">Dr. med. dent. Stephan Gro\\u00dfe-Sender<\\\/span><\\\/span>, praktizierender Zahnarzt aus T\\u00fcbingen<\\\/p><p class=\\\"p1\\\"><i>Zahnmedizinischer Hausabend<\\\/i><\\\/p><p><span style=\\\"text-decoration: underline;\\\">Prof. Dr. Bernd Hecker<\\\/span>, Professor f\\u00fcr Deutsches und Europ\\u00e4isches Strafrecht, Strafprozessrecht sowie Umwelt- und Wirtschaftsstrafrecht an der Eberhard Karls Universit\\u00e4t\\u00a0<br \\\/><em>Nebis in idem &#8211; Der Doppelbestrafungsgrundsatz und das Europarecht<\\\/em><\\\/p><p class=\\\"p1\\\"><span style=\\\"text-decoration: underline;\\\"><span class=\\\"s1\\\">Prof. Dr. Michael Tilly<\\\/span><\\\/span>, Professor f\\u00fcr Neues Testament und Antikes Judentum an der Evangelisch-Theologischen Fakult\\u00e4t der Eberhard Karls Universit\\u00e4t<\\\/p><p class=\\\"p1\\\"><i>Antisemitismus und die Studentenschaft im Kaiserreich<\\\/i><\\\/p><p class=\\\"p1\\\"><span style=\\\"text-decoration: underline;\\\"><span class=\\\"s1\\\">Prof. Dr. Christian Witt<\\\/span><\\\/span>, Inhaber Lehrstuhl Kirchengeschichte I: Reformationsgeschichte und Mittelalter sowie Direktor des Instituts f\\u00fcr Sp\\u00e4tmittelalter und Reformation an der Eberhard Karls Universit\\u00e4t<\\\/p><p class=\\\"p1\\\"><i>Glaube, Freiheit und Verpflichtung &#8211; eine religi\\u00f6se Liebeserkl\\u00e4rung<\\\/i><\\\/p><p class=\\\"p1\\\"><span style=\\\"text-decoration: underline;\\\"><span class=\\\"s1\\\">Prof. Dr. Claus Claussen<\\\/span><\\\/span>, Radiologe, Nuklearmediziner und Neuroradiologie<\\\/p><p class=\\\"p1\\\"><span style=\\\"text-decoration: underline;\\\"><span class=\\\"s1\\\">Dr. Thomas Shiozawa-Bayer<\\\/span><\\\/span>, Lehrbeauftragter f\\u00fcr Mikroskopische Anatomie an der Eberhard Karls Universit\\u00e4t T\\u00fcbingen<\\\/p><p class=\\\"p1\\\"><span style=\\\"text-decoration: underline;\\\"><span class=\\\"s1\\\">Dr. Volker Reichardt<\\\/span><\\\/span>, Haus\\u00e4rztlicher Internist in Biberach an der Ri\\u00df<\\\/p><p class=\\\"p1\\\"><i>Der Arzt der Zukunft &#8211; ein medizinischer Hausabend<\\\/i><i><\\\/i><\\\/p><p><span style=\\\"text-decoration: underline;\\\">Julia Mayer<\\\/span>, CDU<br \\\/><span style=\\\"text-decoration: underline;\\\">Marin Pavicic-Le D\\u00e9roff<\\\/span>, B\\u00fcndnis 90 die Gr\\u00fcnen <br \\\/><span style=\\\"text-decoration: underline;\\\">Nathalie Denoix<\\\/span>, SPD <br \\\/><span style=\\\"text-decoration: underline;\\\">Irene Schuster<\\\/span>, FDP <br \\\/><span style=\\\"text-decoration: underline;\\\">Lukas Kessler<\\\/span>, T\\u00fcbinger Liste\\u00a0<\\\/p><p><em>Kommunalpolitisches Stammtischgespr\\u00e4ch &#8211; Ein Treffen mit den Kandidaten des T\\u00fcbinger Gemeinderats<\\\/em><\\\/p>\"}},{\"@type\":\"Question\",\"name\":\"Wintersemester 2023\\\/2024\",\"acceptedAnswer\":{\"@type\":\"Answer\",\"text\":\"<p class=\\\"p1\\\"><span style=\\\"text-decoration: underline;\\\">Dr. Daniela H\\u00fcttig<\\\/span>, erste Landesbeamtin &amp; stellv. Landr\\u00e4tin in T\\u00fcbingen<\\\/p><p><span style=\\\"text-decoration: underline;\\\">u. lb. AH Simon Gollasch<\\\/span>, LL.M. Ma\\u00eetre en droit, RA bei Oppenl\\u00e4nder Rechtsanw\\u00e4lte<\\\/p><p class=\\\"p1\\\"><span style=\\\"text-decoration: underline;\\\">Reinhardt Ebersp\\u00e4cher<\\\/span>, Gr\\u00fcnder und Partner bei Ebersp\\u00e4cher Rechtsanw\\u00e4lte<\\\/p><p class=\\\"p1\\\"><em>opinio communis: ein juristischer Hausabend\\u00a0<\\\/em><\\\/p><p class=\\\"p1\\\"><span style=\\\"text-decoration: underline;\\\">Dr. Thomas Bauer<\\\/span>, Advokat bei Kellerhals Carrard und ehem. Pr\\u00e4sident des Verwaltungsrats der Schweizerischen Finanzmarktaufsicht FINMA<br \\\/><em>Deutschland: ein Blick von Au\\u00dfen<\\\/em><\\\/p><p><span style=\\\"text-decoration: underline;\\\">Michael Heinrich<\\\/span>, Gesch\\u00e4ftsf\\u00fchrer beim Bundesverband der Arzneimittel-Hersteller<\\\/p>\"}},{\"@type\":\"Question\",\"name\":\"Sommersemester 2023\",\"acceptedAnswer\":{\"@type\":\"Answer\",\"text\":\"<p class=\\\"p1\\\"><span style=\\\"text-decoration: underline;\\\">Prof. Dr. J\\u00f6rg Eisele<\\\/span>, Professor f\\u00fcr Deutsches und Europ\\u00e4isches Straf- und Prozessrecht, Wirtschaftsrecht und Computerstrafrecht<\\\/p><p><span style=\\\"text-decoration: underline;\\\">u. lb. AH Dr. Andreas Wax<\\\/span>, Rechtsanwalt f\\u00fcr Immobilienrecht bei Th\\u00fcmmel, Sch\\u00fctze und Partner<\\\/p><p class=\\\"p1\\\"><span style=\\\"text-decoration: underline;\\\">u. lb. AH Prof. Dr. Phillip Molsberger<\\\/span>, Hochschullehrer f\\u00fcr \\u00d6ffentliches Recht, insbesondere Staats- und Verfassungsrecht an der Hochschule f\\u00fcr Polizei Baden-W\\u00fcrttemberg, Erster Staatsanwalt des Staatsanwaltschaft Stuttgart (a.D.)<\\\/p><p class=\\\"p1\\\"><i>Juristischer Hausabend <\\\/i><i><\\\/i><\\\/p><p class=\\\"p1\\\"><span style=\\\"text-decoration: underline;\\\">Nils Model<\\\/span>, Managing Director bei bwIT-AW<\\\/p><p class=\\\"p1\\\"><i>Workshop \\u201everantwortungsvoller Umgang mit KI im Zusammenhang mit Recht &amp; Ethik <\\\/i><i><\\\/i><\\\/p><p class=\\\"p1\\\"><span style=\\\"text-decoration: underline;\\\">Prof. Dr. Christof Landmesser<\\\/span>, Professor der Evangelisch-Theologischen Fakult\\u00e4t der Eberhard Karls Universit\\u00e4t<\\\/p><p class=\\\"p1\\\"><i>Rudolf Bultmann &#8211; Theologie im 20. Jahrhundert und heute <\\\/i><\\\/p><p class=\\\"p1\\\"><span style=\\\"text-decoration: underline;\\\">Prof. Dr. Klaus Gestwa<\\\/span>, Direktor des Instituts f\\u00fcr Osteurop\\u00e4ische Geschichte und Landeskunde sowie Professor f\\u00fcr Osteurop\\u00e4ische Geschichte an der Eberhard Karls Universit\\u00e4t<\\\/p><p class=\\\"p1\\\"><i>Putins Angriffskrieg gegen die Ukraine<\\\/i><\\\/p><p class=\\\"p1\\\"><span style=\\\"text-decoration: underline;\\\">u. lb. AH Hartmut Kilger<\\\/span>, Fachanwalt f\\u00fcr Sozialrecht<\\\/p><p class=\\\"p1\\\"><i>Vortrag zur Altersvorsorge<\\\/i><\\\/p>\"}},{\"@type\":\"Question\",\"name\":\"Wintersemester 2022\\\/2023\",\"acceptedAnswer\":{\"@type\":\"Answer\",\"text\":\"<p class=\\\"p1\\\"><span style=\\\"text-decoration: underline;\\\">Jan Liermann<\\\/span>, Seminarmusiklehrer am Evangelischen Seminar Blaubeuren<\\\/p><p class=\\\"p1\\\"><em>Gesangskurs- Grundlagen der Stimmphysiologie, Atem- und Stimmtechnik<\\\/em><\\\/p><p class=\\\"p1\\\"><span style=\\\"text-decoration: underline;\\\">Prof. Dr. Sigrid Hirbodian<\\\/span>, Direktorin des Instituts f\\u00fcr Geschichtliche Landeskunde und Historische Hilfswissenschaften an der Eberhard Karls Universit\\u00e4t<\\\/p><p class=\\\"p1\\\"><em>Vortrag zur Namens\\u00e4nderung der Universit\\u00e4t T\\u00fcbingen<\\\/em><\\\/p><p class=\\\"p1\\\"><span style=\\\"text-decoration: underline;\\\">Prof. Dr. J\\u00fcrgen Kampmann<\\\/span>, em. Professor f\\u00fcr Theologie an der Eberhard Karls Universit\\u00e4t\\u00a0<\\\/p><p class=\\\"p1\\\"><span style=\\\"text-decoration: underline;\\\">Prof. Dr. Michael Droege<\\\/span>, Direktor des Instituts f\\u00fcr Recht und Religion, Direktor des Instituts f\\u00fcr Finanz- und Steuerrecht, Inhaber des Lehrstuhls f\\u00fcr \\u00f6ffentliches Recht; Verwaltungsrecht, Religionsverfassungsrecht und Kirchenrecht sowie Steuerrecht<\\\/p><p class=\\\"p1\\\"><em>Einfl\\u00fcsse der Religion auf das Recht<\\\/em><\\\/p><p class=\\\"p1\\\"><span style=\\\"text-decoration: underline;\\\">Prof. Dr. Klaus Mangold<\\\/span>, Deutscher Manager in verschiedenen DAX-Unternehmen, Ehrensenator der Universit\\u00e4t Freiburg<\\\/p><p class=\\\"p1\\\"><span style=\\\"text-decoration: underline;\\\">u. lb. AH Cypselus von Frankenberg<\\\/span><\\\/p><p class=\\\"p1\\\"><em>Automobil-PR und Marketing in Zeiten von Social Media<\\\/em><\\\/p><p class=\\\"p1\\\"><span style=\\\"text-decoration: underline;\\\">u.lb. AH Prof. Dr. Phillip Molsberger<\\\/span>, Hochschullehrer f\\u00fcr \\u00d6ffentliches Recht, insbesondere Staats- und Verfassungsrecht an der Hochschule f\\u00fcr Polizei Baden-W\\u00fcrttemberg, Erster Staatsanwalt der Staatsanwaltschaft Stuttgart (a.D.)<\\\/p><p class=\\\"p1\\\"><em>Gesellschaft, Gift, Gesetz<\\\/em><\\\/p>\"}},{\"@type\":\"Question\",\"name\":\"Sommersemester 2022\",\"acceptedAnswer\":{\"@type\":\"Answer\",\"text\":\"<p><u>AH Boris Hirn<\\\/u> \\u2013 Zahnarzt, Dozent &amp; wiss. Mitarbeiter Universit\\u00e4t T\\u00fcbingen, Zahn\\u00e4rztliche Prothetik<\\\/p><p><u>AH Dr. Fabian H\\u00fcttig<\\\/u> \\u2013 \\u00c4rztlicher Direktor und Professor f\\u00fcr Zahnmedizin am Universit\\u00e4tsklinikum T\\u00fcbingen\\u00a0<\\\/p><p><u>AH Dr. Sebastian Kirchner<\\\/u> \\u2013 Zahnarzt<\\\/p><p><u>AH Dr. Johannes L\\u00f6rner<\\\/u> \\u2013 Zahnarzt<\\\/p><p>\\u201eZahnmedizinischer Hausabend&#8220;<\\\/p><p><u>Prof. Dr. Bernd Heinrich<\\\/u> \\u2013 Lehrstuhl f\\u00fcr Strafrecht, Srafprozessrecht und Urheberrecht<\\\/p><p><u>Dr. Tamara Rapo<\\\/u> \\u2013 Richterin am LG Hechingen<\\\/p><p><u>AH Matthias Schaubel<\\\/u> \\u2013 Anwalt und Syndikus<\\\/p><p>\\u201eJuristischer Hausabend&#8220;<\\\/p><p><u>Prof. Dr. Chrisitian-Rainer Weisbach<\\\/u> \\u2013 Coach f\\u00fcr proffessionelle Gespr\\u00e4chsf\\u00fchrung, Betriebliche Fort- und Weiterbildung<\\\/p><p>\\u201eWer argumentiert, verliert!&#8220;<\\\/p><p><u>AH Andreas Renschler<\\\/u> \\u2013 Vorsitzender des LADW, ehem. Vorstandsmitglied der Volkswagen AG, ehem. Vorstandsmitglied der Daimler AG<\\\/p><p>\\u201e<i>Die Wirtschaft in Zeiten der Transformation am Beispiel der NfZ-Industrie<\\\/i>\\u201c<\\\/p><p><u>Dr. Alexander Heinemann<\\\/u> \\u2013 wiss. Mitarbeiter am Institut f\\u00fcr Arch\\u00e4ologie<\\\/p><p>\\u201e<i>Ein antiker Igel und anderes Getier &#8211; Animalisches aus der T\\u00fcbinger Antikensammlung<\\\/i>\\u201c<\\\/p><p><u>AH Reinhard von Brunn<\\\/u> \\u2013 Mitglied des T\\u00fcbinger Gemeinderates<\\\/p><p>\\u201e<i>Chiles Weg aus absoluter Armut zum modernen Schwellenland&#8220;<\\\/i><\\\/p><p><u>Prof. Dr. Thomas Finkenauer<\\\/u> \\u2013 Lehrstuhl f\\u00fcr B\\u00fcrgerliches Recht, R\\u00f6misches Recht und Europ\\u00e4isches Privatrecht<\\\/p><p>\\u201e<i>Laesio enormis und der Bundesgerichtshof&#8220;<\\\/i><\\\/p>\"}},{\"@type\":\"Question\",\"name\":\"Wintersemester 2021 \\\/ 2022\",\"acceptedAnswer\":{\"@type\":\"Answer\",\"text\":\"<p><u>Prof. Dr. J\\u00f6rg Eisele<\\\/u> \\u2013 Lehrstuhl f\\u00fcr Deutsches und Europ\\u00e4isches Straf- und Strafprozessrecht, Wirtschaftsrecht und Computerstrafrecht<\\\/p><p><u>AH Dr. Andreas Wax<\\\/u> \\u2013 Anwalt und Partner bei Th\\u00fcmmel, Sch\\u00fctze und Partner\\u00a0<\\\/p><p><u>AH Dr. Adrian Bingel<\\\/u> \\u2013 Anwalt und Partner bei Gleiss-Lutz<\\\/p><p>\\u201eJuristischer Hausabend&#8220;<\\\/p><p><u>Prof. Dr. Werner Neus<\\\/u> \\u2013 Lehrstuhl f\\u00fcr Bankwirtschaft<\\\/p><p><u>AH Dr. Markus Aichele<\\\/u> \\u2013 Direktor Governance, Risk &amp; Compliance bei der NOVENTI Health SE &amp; NOVENTI Healthcare GmbH<\\\/p><p><u>AH\\u00a0 J\\u00f6rg Stefan Haselmeyer<\\\/u> \\u2013 Director &#8211; Forensic &amp; Integrity Services &#8211; Forensic Data Analytics and Investigations bei Ernst &amp; Young<\\\/p><p>\\u201e\\u00d6konomischer Hausabend&#8220;<\\\/p><p><u>Prof. Dr. Bernd Hecker<\\\/u> \\u2013 Lehrstuhl f\\u00fcr Deutsches und Europ\\u00e4isches Strafrecht, Strafprozessrecht, Umwelt- und Wirtschaftstraftrecht<\\\/p><p>\\u201eDas Sterbehilde-Urteil des BVerfG: Wie geht es weiter mit dem Recht auf selbstbestimmtes Sterben?&#8220;<\\\/p><p><u>AH Volker Ellenberger\\u00a0<\\\/u> \\u2013 Pr\\u00e4sident des VGH Baden-W\\u00fcrttemberg<\\\/p><p>\\u201eCoronaVO und IfSG &#8211; Die Corona-Rechtsprechung&#8220;<\\\/p><p><u>Dr. Lisa Federle\\u00a0<\\\/u> \\u2013 \\u00c4rztin, Begr\\u00fcnderin der T\\u00fcbinger &#8222;rollenden Arztpraxis&#8220;<\\\/p><p>\\u201eDer T\\u00fcbinger Modellversuch&#8220;<\\\/p>\"}},{\"@type\":\"Question\",\"name\":\"Sommersemester 2021\",\"acceptedAnswer\":{\"@type\":\"Answer\",\"text\":\"<p><u>AH Hartmut Kilger<\\\/u> \\u2013 Pr\\u00e4sident des Deutschen Anwaltsvereins<\\\/p><p>\\u201e<i>Philipp von Heck \\u2013 Leben und Wirken<\\\/i>\\u201c (Onlinevortrag)<\\\/p>\"}},{\"@type\":\"Question\",\"name\":\"Wintersemester  2020 \\\/ 2021\",\"acceptedAnswer\":{\"@type\":\"Answer\",\"text\":\"<p><u>AH Prof. Dr. Hans-Michael Strassburg<\\\/u> \\u2013 Lehrstuhl f\\u00fcr Kinder- und Jugendmedizin an der Universit\\u00e4t W\\u00fcrzburg<\\\/p><p>\\u201e<i>75 Jahre Bonhoeffer \\u2013 Leben und Wirken<\\\/i>\\u201c (Onlinevortrag)<\\\/p><p><u>Prof. Dr. Georg Braungart<\\\/u> \\u2013 Lehrstuhl f\\u00fcr neue deutsche Literatur<\\\/p><p>\\u201e<i>Die Linien des Lebens sind verschieden \\u2013 Friedrich H\\u00f6lderlin zwischen Stift und Turm<\\\/i>\\u201c (Onlinevortrag)<\\\/p>\"}}]}<\/script>\n\t\t\t\t\t<\/div>\n\t\t\t\t\t\t<\/div>\n\t\t\t\t<\/div>\n\t\t\t\t\t<\/div>\n\t\t<\/div>\n\t\t\t\t\t<\/div>\n\t\t<\/section>\n\t\t\t\t<section class=\"elementor-section elementor-top-section elementor-element elementor-element-0829d90 elementor-section-boxed elementor-section-height-default elementor-section-height-default\" data-id=\"0829d90\" data-element_type=\"section\">\n\t\t\t\t\t\t<div class=\"elementor-container elementor-column-gap-default\">\n\t\t\t\t\t<div class=\"elementor-column elementor-col-100 elementor-top-column elementor-element elementor-element-5c42a53\" data-id=\"5c42a53\" data-element_type=\"column\">\n\t\t\t<div class=\"elementor-widget-wrap\">\n\t\t\t\t\t\t\t<\/div>\n\t\t<\/div>\n\t\t\t\t\t<\/div>\n\t\t<\/section>\n\t\t\t\t<\/div>\n\t\t","protected":false},"excerpt":{"rendered":"<p>Prof. Dr. Werner Neus Inhaber des Lehrstuhls f\u00fcr Bankwirtschaft an der Universit\u00e4t T\u00fcbingen AV Igel Referenten Sommersemester 2025 Prof. Dr. Christian Picker, Inhaber des Lehrstuhls f\u00fcr B\u00fcrgerliches Recht und Arbeitsrecht an der Eberhard Karls Universit\u00e4t Michael Rudnau, Rechtsanwalt bei Kuhn Carl Norden Baum Fabian Schmitt, Richter am Landgericht T\u00fcbingen Paragraphen und Praxis: ein juristischer Hausabend [&hellip;]<\/p>\n","protected":false},"author":1,"featured_media":0,"parent":0,"menu_order":0,"comment_status":"closed","ping_status":"closed","template":"elementor_header_footer","meta":{"footnotes":""},"class_list":["post-586","page","type-page","status-publish","hentry"],"_links":{"self":[{"href":"https:\/\/www.avigel.de\/index.php?rest_route=\/wp\/v2\/pages\/586","targetHints":{"allow":["GET"]}}],"collection":[{"href":"https:\/\/www.avigel.de\/index.php?rest_route=\/wp\/v2\/pages"}],"about":[{"href":"https:\/\/www.avigel.de\/index.php?rest_route=\/wp\/v2\/types\/page"}],"author":[{"embeddable":true,"href":"https:\/\/www.avigel.de\/index.php?rest_route=\/wp\/v2\/users\/1"}],"replies":[{"embeddable":true,"href":"https:\/\/www.avigel.de\/index.php?rest_route=%2Fwp%2Fv2%2Fcomments&post=586"}],"version-history":[{"count":83,"href":"https:\/\/www.avigel.de\/index.php?rest_route=\/wp\/v2\/pages\/586\/revisions"}],"predecessor-version":[{"id":1224,"href":"https:\/\/www.avigel.de\/index.php?rest_route=\/wp\/v2\/pages\/586\/revisions\/1224"}],"wp:attachment":[{"href":"https:\/\/www.avigel.de\/index.php?rest_route=%2Fwp%2Fv2%2Fmedia&parent=586"}],"curies":[{"name":"wp","href":"https:\/\/api.w.org\/{rel}","templated":true}]}}